{"id":380,"date":"2021-06-15T14:41:45","date_gmt":"2021-06-15T12:41:45","guid":{"rendered":"https:\/\/mpa-consulting.org\/fr\/?page_id=380"},"modified":"2022-01-27T19:16:05","modified_gmt":"2022-01-27T18:16:05","slug":"datenschutzerklaerung","status":"publish","type":"page","link":"https:\/\/mpa-consulting.org\/fr\/datenschutzerklaerung\/","title":{"rendered":"Protection des donn\u00e9es"},"content":{"rendered":"<h2>D\u00e9claration de protection des donn\u00e9es selon le RGPD<\/h2>\n<p>I. Nom et adresse du responsable<\/p>\n<p>La personne indiqu\u00e9e dans l&#8217;empreinte du site Web de cette d\u00e9claration de protection des donn\u00e9es est responsable au sens du r\u00e8glement g\u00e9n\u00e9ral sur la protection des donn\u00e9es et d&#8217;autres lois nationales sur la protection des donn\u00e9es des \u00c9tats membres ainsi que d&#8217;autres r\u00e9glementations sur la protection des donn\u00e9es.<\/p>\n<p>II. Nom et adresse du d\u00e9l\u00e9gu\u00e9 \u00e0 la protection des donn\u00e9es<\/p>\n<p>Si un d\u00e9l\u00e9gu\u00e9 \u00e0 la protection des donn\u00e9es est responsable s\u00e9par\u00e9ment, les informations correspondantes sont \u00e9galement not\u00e9es dans l&#8217;empreinte.<\/p>\n<p>III. Informations g\u00e9n\u00e9rales sur le traitement des donn\u00e9es<\/p>\n<p>1. Port\u00e9e du traitement des donn\u00e9es personnelles<\/p>\n<p>En principe, nous ne traitons les donn\u00e9es personnelles de nos utilisateurs que dans la mesure o\u00f9 cela est n\u00e9cessaire pour fournir un site Web fonctionnel ainsi que nos contenus et services. Le traitement des donn\u00e9es personnelles de nos utilisateurs n&#8217;a lieu r\u00e9guli\u00e8rement qu&#8217;avec le consentement de l&#8217;utilisateur. Une exception s&#8217;applique dans les cas o\u00f9 il n&#8217;est pas possible d&#8217;obtenir un consentement pr\u00e9alable pour des raisons r\u00e9elles et o\u00f9 le traitement des donn\u00e9es est autoris\u00e9 par des dispositions l\u00e9gales.<\/p>\n<p>2. Base juridique du traitement des donn\u00e9es personnelles<\/p>\n<p>Dans la mesure o\u00f9 nous obtenons le consentement de la personne concern\u00e9e pour le traitement des donn\u00e9es personnelles, l&#8217;article 6, paragraphe 1, point a), du r\u00e8glement g\u00e9n\u00e9ral de l&#8217;UE sur la protection des donn\u00e9es (RGPD) sert de base juridique.<\/p>\n<p>L&#8217;article 6, paragraphe 1, point b), du RGPD sert de base juridique au traitement des donn\u00e9es \u00e0 caract\u00e8re personnel n\u00e9cessaire \u00e0 l&#8217;ex\u00e9cution d&#8217;un contrat auquel la personne concern\u00e9e est partie. Ceci s&#8217;applique \u00e9galement aux op\u00e9rations de traitement n\u00e9cessaires \u00e0 l&#8217;ex\u00e9cution de mesures pr\u00e9contractuelles.<\/p>\n<p>Dans la mesure o\u00f9 le traitement des donn\u00e9es personnelles est n\u00e9cessaire pour remplir une obligation l\u00e9gale \u00e0 laquelle notre soci\u00e9t\u00e9 est soumise, l&#8217;article 6, paragraphe 1, point c) du RGPD sert de base juridique.<\/p>\n<p>Dans le cas o\u00f9 des int\u00e9r\u00eats vitaux de la personne concern\u00e9e ou d&#8217;une autre personne physique n\u00e9cessitent le traitement de donn\u00e9es \u00e0 caract\u00e8re personnel, l&#8217;article 6, paragraphe 1, lettre d du RGPD sert de base juridique.<\/p>\n<p>Si le traitement est n\u00e9cessaire pour prot\u00e9ger un int\u00e9r\u00eat l\u00e9gitime de notre soci\u00e9t\u00e9 ou d&#8217;un tiers et si les int\u00e9r\u00eats, les droits fondamentaux et les libert\u00e9s fondamentales de la personne concern\u00e9e ne l&#8217;emportent pas sur le premier int\u00e9r\u00eat, l&#8217;article 6, paragraphe 1, lettre f du RGPD sert de base juridique. pour le traitement.<\/p>\n<p>3. Effacement des donn\u00e9es et dur\u00e9e de stockage<\/p>\n<p>Les donn\u00e9es personnelles de la personne concern\u00e9e seront supprim\u00e9es ou bloqu\u00e9es d\u00e8s que la finalit\u00e9 du stockage ne s&#8217;appliquera plus. Le stockage peut \u00e9galement avoir lieu si cela a \u00e9t\u00e9 pr\u00e9vu par le l\u00e9gislateur europ\u00e9en ou national dans les r\u00e9glementations, lois ou autres r\u00e9glementations de l&#8217;UE auxquelles la personne responsable est soumise. Les donn\u00e9es seront \u00e9galement bloqu\u00e9es ou supprim\u00e9es si une p\u00e9riode de stockage prescrite par les normes mentionn\u00e9es expire, sauf si un stockage suppl\u00e9mentaire des donn\u00e9es est n\u00e9cessaire pour la conclusion ou l&#8217;ex\u00e9cution d&#8217;un contrat.<\/p>\n<p>IV. Mise \u00e0 disposition du site Web et cr\u00e9ation de fichiers journaux<\/p>\n<p>1. Description et \u00e9tendue du traitement des donn\u00e9es<\/p>\n<p>Chaque fois que notre site Web est consult\u00e9, notre syst\u00e8me collecte automatiquement des donn\u00e9es et des informations \u00e0 partir du syst\u00e8me informatique de l&#8217;ordinateur acc\u00e9dant.<\/p>\n<p>Les donn\u00e9es suivantes sont collect\u00e9es ici\u00a0:<\/p>\n<p>(1) Informations sur le type et la version du navigateur utilis\u00e9<br \/>\n(2) Le syst\u00e8me d&#8217;exploitation de l&#8217;utilisateur<br \/>\n(3) Le fournisseur de services Internet de l&#8217;utilisateur<br \/>\n(4) L&#8217;adresse IP de l&#8217;utilisateur<br \/>\n(5) Date et heure d&#8217;acc\u00e8s<br \/>\n(6) Sites Web \u00e0 partir desquels le syst\u00e8me de l&#8217;utilisateur acc\u00e8de \u00e0 notre site Web<br \/>\n(7) Sites Web auxquels le syst\u00e8me de l&#8217;utilisateur acc\u00e8de via notre site Web<\/p>\n<p>Les donn\u00e9es sont \u00e9galement stock\u00e9es dans les fichiers journaux de notre syst\u00e8me. Cela n&#8217;affecte pas les adresses IP de l&#8217;utilisateur ou d&#8217;autres donn\u00e9es permettant d&#8217;attribuer les donn\u00e9es \u00e0 un utilisateur. Ces donn\u00e9es ne sont pas stock\u00e9es avec d&#8217;autres donn\u00e9es personnelles de l&#8217;utilisateur.<\/p>\n<p>2. Base juridique du traitement des donn\u00e9es<\/p>\n<p>La base juridique du stockage temporaire des donn\u00e9es est l&#8217;article 6, paragraphe 1, point f) du RGPD.<\/p>\n<p>3. Finalit\u00e9 du traitement des donn\u00e9es<\/p>\n<p>Le stockage temporaire de l&#8217;adresse IP par le syst\u00e8me est n\u00e9cessaire pour permettre la livraison du site Web \u00e0 l&#8217;ordinateur de l&#8217;utilisateur. A cet effet, l&#8217;adresse IP de l&#8217;utilisateur doit rester stock\u00e9e pendant toute la dur\u00e9e de la session.<\/p>\n<p>Notre int\u00e9r\u00eat l\u00e9gitime pour le traitement des donn\u00e9es conform\u00e9ment \u00e0 l&#8217;article 6, paragraphe 1, point f) du RGPD r\u00e9side \u00e9galement dans ces finalit\u00e9s.<\/p>\n<p>4. Dur\u00e9e de stockage<\/p>\n<p>Les donn\u00e9es seront supprim\u00e9es d\u00e8s qu&#8217;elles ne seront plus n\u00e9cessaires pour atteindre l&#8217;objectif pour lequel elles ont \u00e9t\u00e9 collect\u00e9es. Dans le cas de la collecte de donn\u00e9es pour la mise \u00e0 disposition du site Web, c&#8217;est le cas lorsque la session respective est termin\u00e9e.<\/p>\n<p><span class=\"VIiyi\" lang=\"fr\"><span class=\"JLqJ4b\" data-language-for-alternatives=\"fr\" data-language-to-translate-into=\"de\" data-phrase-index=\"0\" data-number-of-phrases=\"1\">5. Possibilit\u00e9 d&#8217;opposition et d&#8217;\u00e9limination<\/span><\/span><\/p>\n<p><span class=\"VIiyi\" lang=\"fr\"><span class=\"JLqJ4b\" data-language-for-alternatives=\"fr\" data-language-to-translate-into=\"de\" data-phrase-index=\"0\" data-number-of-phrases=\"1\"> La collecte de donn\u00e9es pr\u00eate<\/span><\/span> dans des fichiers journaux est absolument n\u00e9cessaire au fonctionnement du site Web. Par cons\u00e9quent, il n&#8217;existe aucune possibilit\u00e9 d&#8217;opposition de la part de l&#8217;utilisateur.<\/p>\n<p>V. Utilisation des cookies<\/p>\n<p>Description et port\u00e9e du traitement des donn\u00e9es<\/p>\n<p>Notre site Web n&#8217;utilise pas de cookies.<\/p>\n<p>VI. Formulaire de contact et contact par e-mail<\/p>\n<p>Il est possible de nous contacter via l&#8217;adresse e-mail fournie. Dans ce cas, les donn\u00e9es personnelles de l&#8217;utilisateur transmises avec l&#8217;e-mail seront stock\u00e9es. Dans ce cadre, les donn\u00e9es ne seront pas transmises \u00e0 des tiers. Les donn\u00e9es ne seront utilis\u00e9es que pour traiter la conversation.<\/p>\n<p>1. Base juridique du traitement des donn\u00e9es<\/p>\n<p>La base juridique pour le traitement des donn\u00e9es est l&#8217;article 6, paragraphe 1, point a) du RGPD si l&#8217;utilisateur a donn\u00e9 son consentement.<\/p>\n<p>La base juridique pour le traitement des donn\u00e9es transmises lors de l&#8217;envoi d&#8217;un e-mail est l&#8217;article 6, paragraphe 1, lettre f du RGPD. Si le contact par e-mail vise \u00e0 conclure un contrat, la base juridique suppl\u00e9mentaire pour le traitement est l&#8217;article 6 (1) (b) GDPR.<\/p>\n<p>2. Finalit\u00e9 du traitement des donn\u00e9es<\/p>\n<p>En nous contactant par e-mail, il existe \u00e9galement l&#8217;int\u00e9r\u00eat l\u00e9gitime n\u00e9cessaire au traitement des donn\u00e9es.<\/p>\n<p>3. Dur\u00e9e de stockage<\/p>\n<p>Les donn\u00e9es seront supprim\u00e9es d\u00e8s qu&#8217;elles ne seront plus n\u00e9cessaires pour atteindre l&#8217;objectif pour lequel elles ont \u00e9t\u00e9 collect\u00e9es. Pour les donn\u00e9es personnelles envoy\u00e9es par e-mail, c&#8217;est le cas lorsque la conversation respective avec l&#8217;utilisateur est termin\u00e9e. La conversation est termin\u00e9e lorsqu&#8217;il peut \u00eatre d\u00e9duit des circonstances que les faits en question ont \u00e9t\u00e9 d\u00e9finitivement clarifi\u00e9s.<\/p>\n<p>4. Possibilit\u00e9 d&#8217;opposition et d&#8217;\u00e9limination<\/p>\n<p>L&#8217;utilisateur a la possibilit\u00e9 de r\u00e9voquer \u00e0 tout moment son consentement au traitement des donn\u00e9es personnelles. Si l&#8217;utilisateur nous contacte par e-mail, il peut \u00e0 tout moment s&#8217;opposer au stockage de ses donn\u00e9es personnelles. Dans ce cas, la conversation ne peut pas \u00eatre poursuivie.<\/p>\n<p>Toutes les donn\u00e9es personnelles enregistr\u00e9es lors de la prise de contact seront supprim\u00e9es dans ce cas.<\/p>\n<p>VII. Droits de la personne concern\u00e9e<\/p>\n<p>La liste suivante comprend tous les droits des personnes concern\u00e9es par le RGPD. Les droits qui ne sont pas pertinents pour votre propre site Web ne doivent pas \u00eatre mentionn\u00e9s. A cet \u00e9gard, la liste peut \u00eatre raccourcie.<\/p>\n<p>Si vous traitez des donn\u00e9es personnelles, vous \u00eates la personne concern\u00e9e au sens du RGPD et vous disposez des droits suivants vis-\u00e0-vis du responsable :<\/p>\n<p>1. Droit \u00e0 l&#8217;information<\/p>\n<p>Vous pouvez demander au responsable de confirmer si des donn\u00e9es personnelles vous concernant sont trait\u00e9es par nous.<\/p>\n<p>Si un tel traitement est pr\u00e9sent, vous pouvez demander des informations \u00e0 la personne responsable pour les informations suivantes\u00a0:<\/p>\n<p>(1) les finalit\u00e9s pour lesquelles les donn\u00e9es personnelles sont trait\u00e9es ;<br \/>\n(2) les cat\u00e9gories de donn\u00e9es personnelles trait\u00e9es\u00a0;<br \/>\n(3) les destinataires ou cat\u00e9gories de destinataires auxquels vos donn\u00e9es personnelles ont \u00e9t\u00e9 ou seront divulgu\u00e9es ;<br \/>\n(4) la dur\u00e9e pr\u00e9vue de stockage des donn\u00e9es personnelles vous concernant ou, si des informations sp\u00e9cifiques \u00e0 ce sujet ne sont pas possibles, les crit\u00e8res de d\u00e9termination de la dur\u00e9e de stockage\u00a0;<br \/>\n(5) l&#8217;existence d&#8217;un droit de rectification ou de suppression des donn\u00e9es personnelles vous concernant, d&#8217;un droit \u00e0 la limitation du traitement par le responsable ou d&#8217;un droit d&#8217;opposition \u00e0 ce traitement ;<br \/>\n(6) l&#8217;existence d&#8217;un droit de recours aupr\u00e8s d&#8217;une autorit\u00e9 de contr\u00f4le ;<br \/>\n(7) toutes les informations disponibles sur l&#8217;origine des donn\u00e9es si les donn\u00e9es personnelles ne sont pas collect\u00e9es aupr\u00e8s de la personne concern\u00e9e\u00a0;<br \/>\n(8) l&#8217;existence d&#8217;une prise de d\u00e9cision automatis\u00e9e, y compris le profilage conform\u00e9ment \u00e0 l&#8217;article 22, paragraphes 1 et 4, du RGPD et &#8211; au moins dans ces cas &#8211; des informations significatives sur la logique impliqu\u00e9e et la port\u00e9e et les effets escompt\u00e9s d&#8217;un tel traitement pour la personne concern\u00e9e.<\/p>\n<p>Vous avez le droit de demander des informations pour savoir si vos donn\u00e9es personnelles sont transmises \u00e0 un pays tiers ou \u00e0 une organisation internationale. Dans ce contexte, vous pouvez demander \u00e0 \u00eatre inform\u00e9 des garanties appropri\u00e9es conform\u00e9ment \u00e0 l&#8217;article 46 du RGPD en rapport avec la transmission.<\/p>\n<p>2. Droit de rectification<\/p>\n<p>Vous disposez d&#8217;un droit de rectification et\/ou de compl\u00e9ment aupr\u00e8s du responsable si les donn\u00e9es \u00e0 caract\u00e8re personnel trait\u00e9es vous concernant sont incorrectes ou incompl\u00e8tes. La personne responsable doit apporter la correction imm\u00e9diatement.<\/p>\n<p>3. Droit \u00e0 la limitation du traitement<\/p>\n<p>Dans les conditions suivantes, vous pouvez demander la limitation du traitement de vos donn\u00e9es personnelles :<\/p>\n<p>(1) si vous d contester l&#8217;exactitude des donn\u00e9es personnelles vous concernant pendant une p\u00e9riode permettant au responsable de v\u00e9rifier l&#8217;exactitude des donn\u00e9es personnelles ;<br \/>\n(2) le traitement est ill\u00e9gal et vous refusez de supprimer les donn\u00e9es personnelles et demandez \u00e0 la place que l&#8217;utilisation des donn\u00e9es personnelles soit restreinte\u00a0;<br \/>\n(3) le responsable n&#8217;a plus besoin des donn\u00e9es personnelles aux fins du traitement, mais vous en avez besoin pour faire valoir, exercer ou d\u00e9fendre des droits l\u00e9gaux, ou<br \/>\n(4) si vous vous \u00eates oppos\u00e9 au traitement conform\u00e9ment \u00e0 l&#8217;article 21, paragraphe 1, du RGPD et qu&#8217;il n&#8217;est pas encore certain que les motifs l\u00e9gitimes du responsable l&#8217;emportent sur vos motifs.<\/p>\n<p>Si le traitement des donn\u00e9es personnelles vous concernant a \u00e9t\u00e9 limit\u00e9, ces donn\u00e9es &#8211; en dehors de leur stockage &#8211; ne peuvent \u00eatre utilis\u00e9es qu&#8217;avec votre consentement ou pour faire valoir, exercer ou d\u00e9fendre des droits l\u00e9gaux ou pour prot\u00e9ger les droits d&#8217;une autre personne physique ou morale ou pour des raisons d&#8217;int\u00e9r\u00eat public important de l&#8217;Union ou d&#8217;un \u00c9tat membre sont trait\u00e9es.<\/p>\n<p>Si la restriction de traitement a \u00e9t\u00e9 restreinte conform\u00e9ment aux conditions ci-dessus, vous en serez inform\u00e9 par le responsable avant que la restriction ne soit lev\u00e9e.<\/p>\n<p>4. Droit \u00e0 l&#8217;effacement<\/p>\n<p>a) Obligation de suppression<\/p>\n<p>Vous pouvez demander au responsable de supprimer imm\u00e9diatement les donn\u00e9es personnelles vous concernant, et le responsable est tenu de supprimer imm\u00e9diatement ces donn\u00e9es si l&#8217;une des raisons suivantes s&#8217;applique :<\/p>\n<p>(1) Les donn\u00e9es personnelles vous concernant ne sont plus n\u00e9cessaires au regard des finalit\u00e9s pour lesquelles elles ont \u00e9t\u00e9 collect\u00e9es ou autrement trait\u00e9es.<br \/>\n(2) Vous r\u00e9voquez votre consentement sur lequel le traitement \u00e9tait fond\u00e9 conform\u00e9ment \u00e0 l&#8217;article 6, paragraphe 1, lettre a ou \u00e0 l&#8217;article 9, paragraphe 2, lettre a du RGPD et il n&#8217;existe aucune autre base l\u00e9gale pour le traitement.<br \/>\n(3) Vous vous opposez au traitement conform\u00e9ment \u00e0 l&#8217;article 21, paragraphe 1, du RGPD et il n&#8217;existe aucun motif l\u00e9gitime imp\u00e9rieux pour le traitement, ou vous vous opposez au traitement conform\u00e9ment \u00e0 l&#8217;article 21, paragraphe 2, du RGPD.<br \/>\n(4) Les donn\u00e9es personnelles vous concernant ont \u00e9t\u00e9 trait\u00e9es ill\u00e9galement.<br \/>\n(5) La suppression des donn\u00e9es personnelles vous concernant est n\u00e9cessaire pour remplir une obligation l\u00e9gale en vertu du droit de l&#8217;Union ou du droit des \u00c9tats membres auquel le responsable est soumis.<br \/>\n(6) Les donn\u00e9es personnelles vous concernant ont \u00e9t\u00e9 collect\u00e9es en relation avec les services de la soci\u00e9t\u00e9 de l&#8217;information propos\u00e9s conform\u00e9ment \u00e0 l&#8217;article 8, paragraphe 1, du RGPD.<\/p>\n<p>b) Information \u00e0 des tiers<\/p>\n<p>Si le responsable a rendu publiques les donn\u00e9es \u00e0 caract\u00e8re personnel vous concernant et est tenu de les supprimer conform\u00e9ment \u00e0 l&#8217;article 17, paragraphe 1, du RGPD, il doit prendre les mesures appropri\u00e9es, y compris des mesures techniques, pour prot\u00e9ger le responsable du traitement des donn\u00e9es, en prenant compte tenu de la technologie disponible et des co\u00fbts de mise en \u0153uvre, qui traitent les donn\u00e9es personnelles, que vous, en tant que personne concern\u00e9e, leur avez demand\u00e9 de supprimer tous les liens vers ces donn\u00e9es personnelles ou des copies ou r\u00e9plications de ces donn\u00e9es personnelles.<\/p>\n<p>c) D\u00e9rogations<\/p>\n<p>Le droit \u00e0 l&#8217;effacement n&#8217;existe pas si le traitement est n\u00e9cessaire<\/p>\n<p>(1) d&#8217;exercer le droit \u00e0 la libert\u00e9 d&#8217;expression et d&#8217;information ;<br \/>\n(2) pour remplir une obligation l\u00e9gale qui n\u00e9cessite un traitement en vertu du droit de l&#8217;Union ou d&#8217;un \u00c9tat membre auquel le responsable du traitement est soumis, ou pour ex\u00e9cuter une mission d&#8217;int\u00e9r\u00eat public ou relevant de l&#8217;exercice de l&#8217;autorit\u00e9 publique dont est investi le responsable du traitement ;<br \/>\n(3) pour des raisons d&#8217;int\u00e9r\u00eat public dans le domaine de la sant\u00e9 publique conform\u00e9ment \u00e0 l&#8217;article 9, paragraphe 2, lettres h et i et \u00e0 l&#8217;article 9, paragraphe 3, du RGPD\u00a0;<br \/>\n(4) \u00e0 des fins d&#8217;archivage dans l&#8217;int\u00e9r\u00eat public, \u00e0 des fins de recherche scientifique ou historique ou \u00e0 des fins statistiques conform\u00e9ment \u00e0 l&#8217;article 89, alin\u00e9a<br \/>\n(5) pour faire valoir, exercer ou d\u00e9fendre des droits l\u00e9gaux.<\/p>\n<p>5. Droit \u00e0 l&#8217;information<\/p>\n<p>Si vous avez fait valoir le droit de rectification, de suppression ou de limitation du traitement \u00e0 l&#8217;encontre du responsable, celui-ci est tenu d&#8217;informer tous les destinataires auxquels les donn\u00e9es personnelles vous concernant ont \u00e9t\u00e9 communiqu\u00e9es de cette rectification ou suppression des donn\u00e9es ou de la limitation du traitement, \u00e0 moins que cela s&#8217;av\u00e8re impossible ou implique un effort disproportionn\u00e9.<\/p>\n<p>Vous avez le droit d&#8217;\u00eatre inform\u00e9 de ces destinataires par la personne responsable.<\/p>\n<p>6. Droit \u00e0 ce jour portabilit\u00e9<\/p>\n<p>Vous avez le droit de recevoir les donn\u00e9es personnelles vous concernant que vous avez fournies au responsable dans un format structur\u00e9, commun et lisible par machine. En outre, vous avez le droit de transmettre ces donn\u00e9es \u00e0 une autre personne responsable sans entrave par la personne responsable de la fourniture des donn\u00e9es personnelles, \u00e0 condition que<\/p>\n<p>(1) le traitement est fond\u00e9 sur le consentement conform\u00e9ment \u00e0 l&#8217;article 6, paragraphe 1, point a) du RGPD ou \u00e0 l&#8217;article 9, paragraphe 2, point a), du RGPD ou sur un contrat conform\u00e9ment \u00e0 l&#8217;article 6, paragraphe 1, point b), du RGPD et<br \/>\n(2) le traitement est effectu\u00e9 \u00e0 l&#8217;aide de proc\u00e9dures automatis\u00e9es.<\/p>\n<p>Dans l&#8217;exercice de ce droit, vous avez \u00e9galement le droit de faire transmettre les donn\u00e9es personnelles vous concernant directement d&#8217;un responsable \u00e0 un autre responsable, dans la mesure o\u00f9 cela est techniquement possible. Les libert\u00e9s et les droits d&#8217;autrui ne doivent pas en \u00eatre entrav\u00e9s.<\/p>\n<p>Le droit \u00e0 la portabilit\u00e9 des donn\u00e9es ne s&#8217;applique pas au traitement de donn\u00e9es \u00e0 caract\u00e8re personnel n\u00e9cessaire \u00e0 l&#8217;ex\u00e9cution d&#8217;une mission d&#8217;int\u00e9r\u00eat public ou relevant de l&#8217;exercice de l&#8217;autorit\u00e9 publique qui a \u00e9t\u00e9 confi\u00e9e au responsable du traitement.<\/p>\n<p>7. Droit d&#8217;opposition<\/p>\n<p>Vous avez le droit, pour des raisons tenant \u00e0 votre situation particuli\u00e8re, de vous opposer \u00e0 tout moment au traitement de vos donn\u00e9es personnelles, sur la base de l&#8217;article 6, paragraphe 1, lettre e ou f du RGPD\u00a0; ceci s&#8217;applique \u00e9galement au profilage fond\u00e9 sur ces dispositions.<\/p>\n<p>Le responsable ne traite plus les donn\u00e9es personnelles vous concernant, \u00e0 moins qu&#8217;il ne puisse d\u00e9montrer des motifs imp\u00e9rieux et l\u00e9gitimes pour le traitement qui l&#8217;emportent sur vos int\u00e9r\u00eats, droits et libert\u00e9s, ou que le traitement serve \u00e0 faire valoir, exercer ou d\u00e9fendre des droits l\u00e9gaux.<\/p>\n<p>Si les donn\u00e9es personnelles vous concernant sont trait\u00e9es dans le but d&#8217;op\u00e9rer de la publicit\u00e9 directe, vous avez le droit de vous opposer \u00e0 tout moment au traitement de vos donn\u00e9es personnelles \u00e0 des fins de publicit\u00e9 directe ; ceci s&#8217;applique \u00e9galement au profilage dans la mesure o\u00f9 il est associ\u00e9 \u00e0 une telle publicit\u00e9 directe.<\/p>\n<p>Si vous vous opposez au traitement \u00e0 des fins de marketing direct, les donn\u00e9es personnelles vous concernant ne seront plus trait\u00e9es \u00e0 ces fins.<\/p>\n<p>Dans le cadre de l&#8217;utilisation des services de la soci\u00e9t\u00e9 de l&#8217;information, vous avez la possibilit\u00e9 \u2013 nonobstant la directive 2002\/58\/CE \u2013 d&#8217;exercer votre droit d&#8217;opposition au moyen de proc\u00e9dures automatis\u00e9es utilisant des sp\u00e9cifications techniques.<\/p>\n<p>8. Droit de r\u00e9voquer la d\u00e9claration de consentement en vertu de la loi sur la protection des donn\u00e9es<\/p>\n<p>Vous avez le droit de r\u00e9voquer \u00e0 tout moment votre d\u00e9claration de consentement en vertu de la loi sur la protection des donn\u00e9es. La r\u00e9vocation du consentement n&#8217;affecte pas la l\u00e9galit\u00e9 du traitement effectu\u00e9 sur la base du consentement jusqu&#8217;au moment de la r\u00e9vocation.<\/p>\n<p>9. Prise de d\u00e9cision individuelle automatis\u00e9e, y compris le profilage<\/p>\n<p>Vous avez le droit de ne pas faire l&#8217;objet d&#8217;une d\u00e9cision fond\u00e9e uniquement sur un traitement automatis\u00e9, y compris le profilage, produisant des effets juridiques vous concernant ou vous affectant de mani\u00e8re significative de mani\u00e8re similaire. Cela ne s&#8217;applique pas si la d\u00e9cision<\/p>\n<p>(1) est n\u00e9cessaire \u00e0 la conclusion ou \u00e0 l&#8217;ex\u00e9cution d&#8217;un contrat entre vous et le responsable,<\/p>\n<p>(2) est autoris\u00e9 par le droit de l&#8217;Union ou des \u00c9tats membres auxquels le responsable est soumis et que ce droit contient des mesures appropri\u00e9es pour prot\u00e9ger vos droits et libert\u00e9s et vos int\u00e9r\u00eats l\u00e9gitimes ou<\/p>\n<p>(3) avec votre consentement expr\u00e8s.<\/p>\n<p>Toutefois, ces d\u00e9cisions ne doivent pas \u00eatre fond\u00e9es sur des cat\u00e9gories particuli\u00e8res de donn\u00e9es \u00e0 caract\u00e8re personnel conform\u00e9ment \u00e0 l&#8217;article 9, paragraphe 1, du RGPD, sauf si l&#8217;article 9, paragraphe 2, lettre a ou g du RGPD s&#8217;applique et que des mesures appropri\u00e9es ont \u00e9t\u00e9 prises pour prot\u00e9ger vos droits et libert\u00e9s et vos int\u00e9r\u00eats l\u00e9gitimes. .<\/p>\n<p>En ce qui concerne les cas vis\u00e9s aux (1) et (3), le responsable prend les mesures appropri\u00e9es pour sauvegarder vos droits et libert\u00e9s et vos int\u00e9r\u00eats l\u00e9gitimes, y compris au moins le droit d&#8217;obtenir une intervention humaine de la part du responsable , d&#8217;exprimer son point de vue et de contester la d\u00e9cision.<\/p>\n<p>10. Droit d&#8217;introduire une r\u00e9clamation aupr\u00e8s d&#8217;une autorit\u00e9 de contr\u00f4le<\/p>\n<p>Sans pr\u00e9judice de tout autre recours administratif ou judiciaire, vous avez le droit d&#8217;introduire une r\u00e9clamation aupr\u00e8s d&#8217;une autorit\u00e9 de contr\u00f4le, notamment dans l&#8217;\u00c9tat membre de votre lieu de r\u00e9sidence, de votre lieu de travail ou du lieu de l&#8217;infraction all\u00e9gu\u00e9e, si vous estimez que le traitement de vos donn\u00e9es personnelles viole viole le RGPD.<\/p>\n<p>L&#8217;autorit\u00e9 de contr\u00f4le aupr\u00e8s de laquelle la plainte a \u00e9t\u00e9 d\u00e9pos\u00e9e informera la plainte<\/p>\n<p>Guide sur le statut et les r\u00e9sultats de la plainte, y compris la possibilit\u00e9 d&#8217;un recours judiciaire en vertu de l&#8217;article 78 du RGPD.<\/p>\n<p>La source:<br \/>\nCette d\u00e9claration de protection des donn\u00e9es fait suite \u00e0 celle du professeur Dr. Thomas Hoeren, en collaboration avec des employ\u00e9s du centre de recherche juridique du DFN-Verein (dont Johannes Baur et Charlotte R\u00f6ttgen), a d\u00e9velopp\u00e9 l&#8217;explication et a largement adopt\u00e9 les formulations qui y sont propos\u00e9es.<\/p>\n<p><span class=\"VIiyi\" lang=\"en\"><span class=\"JLqJ4b\" data-language-for-alternatives=\"en\" data-language-to-translate-into=\"de\" data-phrase-index=\"0\" data-number-of-phrases=\"1\">\u00a0<\/span><\/span><\/p>\n","protected":false},"excerpt":{"rendered":"<p>D\u00e9claration de protection des donn\u00e9es selon le RGPD I. Nom et adresse du responsable La personne indiqu\u00e9e dans l&#8217;empreinte du site Web de cette d\u00e9claration de protection des donn\u00e9es est responsable au sens du r\u00e8glement g\u00e9n\u00e9ral sur la protection des donn\u00e9es et d&#8217;autres lois nationales sur la protection des donn\u00e9es des \u00c9tats membres ainsi que [&hellip;]<\/p>\n","protected":false},"author":1,"featured_media":0,"parent":0,"menu_order":0,"comment_status":"closed","ping_status":"closed","template":"","meta":{"site-sidebar-layout":"default","site-content-layout":"","ast-site-content-layout":"default","site-content-style":"default","site-sidebar-style":"default","ast-global-header-display":"","ast-banner-title-visibility":"","ast-main-header-display":"","ast-hfb-above-header-display":"","ast-hfb-below-header-display":"","ast-hfb-mobile-header-display":"","site-post-title":"","ast-breadcrumbs-content":"","ast-featured-img":"","footer-sml-layout":"","ast-disable-related-posts":"","theme-transparent-header-meta":"","adv-header-id-meta":"","stick-header-meta":"","header-above-stick-meta":"","header-main-stick-meta":"","header-below-stick-meta":"","astra-migrate-meta-layouts":"default","ast-page-background-enabled":"default","ast-page-background-meta":{"desktop":{"background-color":"var(--ast-global-color-4)","background-image":"","background-repeat":"repeat","background-position":"center center","background-size":"auto","background-attachment":"scroll","background-type":"","background-media":"","overlay-type":"","overlay-color":"","overlay-opacity":"","overlay-gradient":""},"tablet":{"background-color":"","background-image":"","background-repeat":"repeat","background-position":"center center","background-size":"auto","background-attachment":"scroll","background-type":"","background-media":"","overlay-type":"","overlay-color":"","overlay-opacity":"","overlay-gradient":""},"mobile":{"background-color":"","background-image":"","background-repeat":"repeat","background-position":"center center","background-size":"auto","background-attachment":"scroll","background-type":"","background-media":"","overlay-type":"","overlay-color":"","overlay-opacity":"","overlay-gradient":""}},"ast-content-background-meta":{"desktop":{"background-color":"var(--ast-global-color-5)","background-image":"","background-repeat":"repeat","background-position":"center center","background-size":"auto","background-attachment":"scroll","background-type":"","background-media":"","overlay-type":"","overlay-color":"","overlay-opacity":"","overlay-gradient":""},"tablet":{"background-color":"var(--ast-global-color-5)","background-image":"","background-repeat":"repeat","background-position":"center center","background-size":"auto","background-attachment":"scroll","background-type":"","background-media":"","overlay-type":"","overlay-color":"","overlay-opacity":"","overlay-gradient":""},"mobile":{"background-color":"var(--ast-global-color-5)","background-image":"","background-repeat":"repeat","background-position":"center center","background-size":"auto","background-attachment":"scroll","background-type":"","background-media":"","overlay-type":"","overlay-color":"","overlay-opacity":"","overlay-gradient":""}},"footnotes":""},"class_list":["post-380","page","type-page","status-publish","hentry"],"_links":{"self":[{"href":"https:\/\/mpa-consulting.org\/fr\/wp-json\/wp\/v2\/pages\/380","targetHints":{"allow":["GET"]}}],"collection":[{"href":"https:\/\/mpa-consulting.org\/fr\/wp-json\/wp\/v2\/pages"}],"about":[{"href":"https:\/\/mpa-consulting.org\/fr\/wp-json\/wp\/v2\/types\/page"}],"author":[{"embeddable":true,"href":"https:\/\/mpa-consulting.org\/fr\/wp-json\/wp\/v2\/users\/1"}],"replies":[{"embeddable":true,"href":"https:\/\/mpa-consulting.org\/fr\/wp-json\/wp\/v2\/comments?post=380"}],"version-history":[{"count":12,"href":"https:\/\/mpa-consulting.org\/fr\/wp-json\/wp\/v2\/pages\/380\/revisions"}],"predecessor-version":[{"id":938,"href":"https:\/\/mpa-consulting.org\/fr\/wp-json\/wp\/v2\/pages\/380\/revisions\/938"}],"wp:attachment":[{"href":"https:\/\/mpa-consulting.org\/fr\/wp-json\/wp\/v2\/media?parent=380"}],"curies":[{"name":"wp","href":"https:\/\/api.w.org\/{rel}","templated":true}]}}